{"id":2925,"date":"2022-03-09T16:24:08","date_gmt":"2022-03-09T15:24:08","guid":{"rendered":"https:\/\/ursuiatrail.fr\/?page_id=2925"},"modified":"2025-10-22T16:05:09","modified_gmt":"2025-10-22T14:05:09","slug":"les-delices-de-lursuia-depuis-2007","status":"publish","type":"page","link":"https:\/\/ursuiatrail.fr\/?page_id=2925","title":{"rendered":"Les d\u00e9lices de l&rsquo;Ursuia depuis 2007"},"content":{"rendered":"\n<div class=\"wp-block-group has-theme-palette-8-background-color has-background\"><div class=\"wp-block-group__inner-container is-layout-constrained wp-block-group-is-layout-constrained\">\n<h2 class=\"wp-block-heading\">Les d\u00e9lices de l&rsquo;Ursuia depuis 2007<\/h2>\n\n\n\n<div class=\"wp-block-media-text is-stacked-on-mobile\" style=\"grid-template-columns:51% auto\"><figure class=\"wp-block-media-text__media\"><img loading=\"lazy\" decoding=\"async\" width=\"1024\" height=\"683\" src=\"https:\/\/ursuiatrail.fr\/wp-content\/uploads\/2021\/11\/Image_0421-1-1024x683.jpg\" alt=\"\" class=\"wp-image-2208 size-full\" srcset=\"https:\/\/ursuiatrail.fr\/wp-content\/uploads\/2021\/11\/Image_0421-1-1024x683.jpg 1024w, https:\/\/ursuiatrail.fr\/wp-content\/uploads\/2021\/11\/Image_0421-1-300x200.jpg 300w, https:\/\/ursuiatrail.fr\/wp-content\/uploads\/2021\/11\/Image_0421-1-768x512.jpg 768w, https:\/\/ursuiatrail.fr\/wp-content\/uploads\/2021\/11\/Image_0421-1.jpg 1200w\" sizes=\"auto, (max-width: 1024px) 100vw, 1024px\" \/><\/figure><div class=\"wp-block-media-text__content\">\n<p>Histoire racont\u00e9e par Dominique Etcheverry<\/p>\n\n\n\n<p>En 2005, lors d&rsquo;une course, Henri me dit\u00a0:<\/p>\n\n\n\n<blockquote class=\"wp-block-quote is-layout-flow wp-block-quote-is-layout-flow\">\n<p><em>on court sur diff\u00e9rents trails, pourquoi ne pas en organiser un chez nous\u00a0? <\/em><\/p>\n<\/blockquote>\n\n\n\n<p>L\u2019id\u00e9e est lanc\u00e9e, le challenge excitant et le site est magnifique.<\/p>\n<\/div><\/div>\n\n\n\n<figure class=\"wp-block-pullquote has-small-font-size\"><blockquote><p>Ayant une vue directe sur l&rsquo;Ursuia de nos maisons respectives, d\u00e9terminer un trac\u00e9 nous a rapidement sembl\u00e9 possible, et au fil des jours, se lancer dans l&rsquo;aventure nous a paru presque&#8230; obligatoire\u00a0!!<\/p><\/blockquote><\/figure>\n\n\n\n<div class=\"wp-block-cover is-light\"><img loading=\"lazy\" decoding=\"async\" width=\"800\" height=\"600\" class=\"wp-block-cover__image-background wp-image-243 size-full\" alt=\"\" src=\"https:\/\/ursuiatrail.fr\/wp-content\/uploads\/2021\/11\/ursuia_2014_077.jpg\" style=\"object-position:23% 100%\" data-object-fit=\"cover\" data-object-position=\"23% 100%\" srcset=\"https:\/\/ursuiatrail.fr\/wp-content\/uploads\/2021\/11\/ursuia_2014_077.jpg 800w, https:\/\/ursuiatrail.fr\/wp-content\/uploads\/2021\/11\/ursuia_2014_077-300x225.jpg 300w, https:\/\/ursuiatrail.fr\/wp-content\/uploads\/2021\/11\/ursuia_2014_077-768x576.jpg 768w\" sizes=\"auto, (max-width: 800px) 100vw, 800px\" \/><span aria-hidden=\"true\" class=\"wp-block-cover__background has-background-dim\" style=\"background-color:#877f7c\"><\/span><div class=\"wp-block-cover__inner-container is-layout-constrained wp-block-cover-is-layout-constrained\">\n<p class=\"has-text-align-center has-theme-palette-8-color has-text-color has-link-color has-medium-font-size wp-elements-e2e4b63f16f9836b2c607da58699b959\">Nous avons soumis le projet \u00e0 l&rsquo;association URSU MENDI qui permettait d&rsquo;avoir la structure et l&rsquo;aide de ses membres pour l&rsquo;organisation.<\/p>\n\n\n\n<p class=\"has-text-align-center has-theme-palette-8-color has-text-color has-link-color has-medium-font-size wp-elements-3dfc8ab9315f35a6ff04671b5bd420b8\">Et nous avons re\u00e7u le soutien inconditionnel de tout le monde\u00a0! Une section course est donc venue se rajouter aux multiples sections existantes de l&rsquo;association.<\/p>\n<\/div><\/div>\n\n\n\n<div class=\"wp-block-columns is-layout-flex wp-container-core-columns-is-layout-9d6595d7 wp-block-columns-is-layout-flex\">\n<div class=\"wp-block-column is-layout-flow wp-block-column-is-layout-flow\" style=\"flex-basis:33.33%\">\n<p class=\"has-theme-palette-8-background-color has-background\">2006 : plusieurs r\u00e9unions sont organis\u00e9es avec les villages voisins. L&rsquo;id\u00e9e de d\u00e9part \u00e9tait de faire la course le jour des f\u00eates d&rsquo;Urcuray et il fallait bloquer une date dans le calendrier des courses. Ce serait donc le 27 avril 2007. Henri se fait plaisir et l&rsquo;appelle \u00ab\u00a0les d\u00e9lices de l&rsquo;Ursuia\u00a0\u00bb\u00a0! Au d\u00e9part, la r\u00e9partition des t\u00e2ches s&rsquo;est faite naturellement avec Henri plut\u00f4t \u00ab\u00a0terrain\u00a0\u00bb et moi plut\u00f4t \u00ab\u00a0 administratif\u00a0\u00bb\u00a0!<\/p>\n<\/div>\n\n\n\n<div class=\"wp-block-column is-layout-flow wp-block-column-is-layout-flow\" style=\"flex-basis:66.66%\">\n<p><strong>2007\u00a0: inscriptions et caf\u00e9 au restaurant c\u00f4te paota et 108 participants pour cette premi\u00e8re \u00e9dition de 15 km et 730 de d\u00e9nivel\u00e9 au d\u00e9part du fronton, malgr\u00e9 une m\u00e9t\u00e9o catastrophique les jours pr\u00e9c\u00e9dents et juste une petite accalmie le temps de la course\u00a0!! Les douches au restaurant cote paota avaient \u00e9t\u00e9 tr\u00e8s appr\u00e9ci\u00e9es\u00a0!! Deux tr\u00e8s beaux vainqueurs avec Ramuntxo Lamothe et Marie Carty qui \u00e9taient sur tous les podiums ces ann\u00e9es l\u00e0<\/strong><\/p>\n\n\n\n<p>Apr\u00e8s les quatre premi\u00e8res ann\u00e9es le dimanche des f\u00eates, nous avons d\u00e9plac\u00e9 la course au samedi 17h : le nombre de participants augmentant chaque ann\u00e9e, la logistique pour l&rsquo;organisation devenait compliqu\u00e9e le dimanche des f\u00eates.<\/p>\n<\/div>\n<\/div>\n\n\n\n<div class=\"wp-block-cover is-light\"><img loading=\"lazy\" decoding=\"async\" width=\"689\" height=\"985\" class=\"wp-block-cover__image-background wp-image-3152 size-full\" alt=\"\" src=\"https:\/\/ursuiatrail.fr\/wp-content\/uploads\/2023\/12\/12km.png\" data-object-fit=\"cover\" srcset=\"https:\/\/ursuiatrail.fr\/wp-content\/uploads\/2023\/12\/12km.png 689w, https:\/\/ursuiatrail.fr\/wp-content\/uploads\/2023\/12\/12km-210x300.png 210w, https:\/\/ursuiatrail.fr\/wp-content\/uploads\/2023\/12\/12km-420x600.png 420w\" sizes=\"auto, (max-width: 689px) 100vw, 689px\" \/><span aria-hidden=\"true\" class=\"wp-block-cover__background has-background-dim\" style=\"background-color:#e3e2cb\"><\/span><div class=\"wp-block-cover__inner-container is-layout-constrained wp-block-cover-is-layout-constrained\">\n<p class=\"has-text-align-center has-medium-font-size\">2010\u00a0: Suite \u00e0 beaucoup de demandes, mise en place d&rsquo;une randonn\u00e9e avec deux circuits de diff\u00e9rents niveaux.<\/p>\n\n\n\n<p class=\"has-text-align-center has-medium-font-size\">2013\u00a0: Apr\u00e8s quelques petits ajustements sur le trac\u00e9 les ann\u00e9es pr\u00e9c\u00e9dentes, le circuit est modifi\u00e9 pour un trac\u00e9 de 18 km et 900m de d\u00e9nivel\u00e9.<\/p>\n<\/div><\/div>\n\n\n\n<pre class=\"wp-block-code\"><code>2014&nbsp;: Suite \u00e0 quelques retours de concurrents qui pr\u00e9f\u00e9raient les courses du dimanche, les difficult\u00e9s li\u00e9es au jumelage avec les f\u00eates et la r\u00e9flexion sur l'utilisation et le d\u00e9part du patronage, nous avons d\u00e9cid\u00e9 de changer la date et de sortir du cadre des f\u00eates. Malgr\u00e9 la gestion un peu plus complexe de la travers\u00e9e de la d\u00e9partementale, cette option a \u00e9t\u00e9 pour nous d\u00e9terminante au point de vue facilit\u00e9 de mise en place, un repli assur\u00e9 en cas de mauvais temps, le probl\u00e8me de parking et la disponibilit\u00e9 du b\u00e9n\u00e9volat. 270 participants au d\u00e9part.<\/code><\/pre>\n\n\n\n<div class=\"wp-block-columns is-layout-flex wp-container-core-columns-is-layout-9d6595d7 wp-block-columns-is-layout-flex\">\n<div class=\"wp-block-column is-layout-flow wp-block-column-is-layout-flow\" style=\"flex-basis:66.66%\">\n<p>2015\u00a0: un cap est franchi avec 350 participants.<\/p>\n\n\n\n<p>2017\u00a0: quelques petits ajustements sur le trac\u00e9 pour atteindre une course de 18,900km et 1030 de d\u00e9nivel\u00e9 positif. La barre des 400 est d\u00e9pass\u00e9e avec 405 concurrents \u00e0 l&rsquo;arriv\u00e9e.<\/p>\n\n\n\n<blockquote class=\"wp-block-quote is-layout-flow wp-block-quote-is-layout-flow\">\n<p><em>Il est \u00e9vident que lors du lancement de cette course en 2007, nous n&rsquo;avions jamais imagin\u00e9 que le nombre de 400 concurrents serait d\u00e9pass\u00e9 lors de l\u2019\u00e9dition 2017 auquel venait se rajouter une grosse participation de randonneurs\u00a0! Tr\u00e8s rapidement aussi, la cr\u00e9ation d&rsquo;un site internet nous a paru indispensable . Quelques ann\u00e9es plus tard, la gestion des voitures sur la voie publique \u00e9tant de plus en plus difficile, la mise en place d&rsquo;un parking sur la vieille route d&rsquo;Urcuray et les navettes ont \u00e9t\u00e9 organis\u00e9es. L&rsquo;\u00e9volution aussi a suivi avec le souci d&rsquo;am\u00e9liorer les douches, l\u2019accueil des concurrents, la r\u00e9ception d&rsquo;apr\u00e8s course, la recherche de sponsors, la variation des lots et les d\u00e9marches aupr\u00e8s des concurrents afin que cette course atteigne un bon niveau sportif tout en pr\u00e9servant la convivialit\u00e9 dont nous avions toujours le souci\u00a0!<\/em><\/p>\n<\/blockquote>\n<\/div>\n\n\n\n<div class=\"wp-block-column is-layout-flow wp-block-column-is-layout-flow\" style=\"flex-basis:33.33%\">\n<p>2018\u00a0: Le passage du relais \u00e0 une nouvelle \u00e9quipe s&rsquo;est faite naturellement et nous sommes convaincus qu&rsquo;elle a fait et fera encore progresser cette course et l&rsquo;organisation qui va avec\u00a0!<\/p>\n\n\n\n<p><strong>Je ne pourrai terminer ce petit historique sans que nous remercions vivement, Henri et moi-m\u00eame, l&rsquo;association URSU MENDI et tous ses membres, tous les b\u00e9n\u00e9voles habitant Urcuray ou non, Christelle pour la cr\u00e9ation du site ainsi que tous les sponsors qui nous ont permis le lancement de cette course en 2007.<\/strong><\/p>\n\n\n\n<p><em>Henri et Dominique Etcheverry<\/em><\/p>\n<\/div>\n<\/div>\n\n\n\n<p>2019&nbsp;: Le parcours des d\u00e9lices de l&rsquo;Ursuia est modifi\u00e9 pour devenir un semi avec 21km et 1230 de d\u00e9nivel\u00e9 positif. La barre des 500 inscrits est atteinte.<\/p>\n\n\n\n<p>2020 et 2021&nbsp;: Ann\u00e9es blanches a cause du covid<\/p>\n\n\n\n<p>2022&nbsp;: R\u00e9fection du site internet<\/p>\n\n\n\n<p>2023 : cr\u00e9ation du maya ttiki trail, 12 km, 500m<\/p>\n\n\n\n<p>2025\u00a0: R\u00e9fection du site internet<\/p>\n<\/div><\/div>\n","protected":false},"excerpt":{"rendered":"<p>Les d\u00e9lices de l&rsquo;Ursuia depuis 2007 Histoire racont\u00e9e par Dominique Etcheverry En 2005, lors d&rsquo;une course, Henri me dit\u00a0: on court sur diff\u00e9rents trails, pourquoi ne pas en organiser un chez nous\u00a0? L\u2019id\u00e9e est lanc\u00e9e, le challenge excitant et le site est magnifique. Ayant une vue directe sur l&rsquo;Ursuia de nos maisons respectives, d\u00e9terminer un&#8230;<\/p>\n","protected":false},"author":1,"featured_media":0,"parent":0,"menu_order":0,"comment_status":"closed","ping_status":"closed","template":"","meta":{"_kadence_starter_templates_imported_post":false,"_kad_post_transparent":"","_kad_post_title":"","_kad_post_layout":"","_kad_post_sidebar_id":"","_kad_post_content_style":"","_kad_post_vertical_padding":"","_kad_post_feature":"","_kad_post_feature_position":"","_kad_post_header":false,"_kad_post_footer":false,"_kad_post_classname":"","two_page_speed":[],"footnotes":""},"class_list":["post-2925","page","type-page","status-publish","hentry"],"_links":{"self":[{"href":"https:\/\/ursuiatrail.fr\/index.php?rest_route=\/wp\/v2\/pages\/2925","targetHints":{"allow":["GET"]}}],"collection":[{"href":"https:\/\/ursuiatrail.fr\/index.php?rest_route=\/wp\/v2\/pages"}],"about":[{"href":"https:\/\/ursuiatrail.fr\/index.php?rest_route=\/wp\/v2\/types\/page"}],"author":[{"embeddable":true,"href":"https:\/\/ursuiatrail.fr\/index.php?rest_route=\/wp\/v2\/users\/1"}],"replies":[{"embeddable":true,"href":"https:\/\/ursuiatrail.fr\/index.php?rest_route=%2Fwp%2Fv2%2Fcomments&post=2925"}],"version-history":[{"count":11,"href":"https:\/\/ursuiatrail.fr\/index.php?rest_route=\/wp\/v2\/pages\/2925\/revisions"}],"predecessor-version":[{"id":3554,"href":"https:\/\/ursuiatrail.fr\/index.php?rest_route=\/wp\/v2\/pages\/2925\/revisions\/3554"}],"wp:attachment":[{"href":"https:\/\/ursuiatrail.fr\/index.php?rest_route=%2Fwp%2Fv2%2Fmedia&parent=2925"}],"curies":[{"name":"wp","href":"https:\/\/api.w.org\/{rel}","templated":true}]}}